{"id":3932,"date":"2023-06-14T11:15:53","date_gmt":"2023-06-14T09:15:53","guid":{"rendered":"https:\/\/www.tierramadre.org\/?page_id=3932"},"modified":"2023-06-15T15:40:29","modified_gmt":"2023-06-15T13:40:29","slug":"et-ve-de-gust-un-mon-mes-just-2","status":"publish","type":"page","link":"https:\/\/www.tierramadre.org\/ca\/cafe-oxfamintermon","title":{"rendered":"Et ve de gust un m\u00f3n m\u00e9s just?"},"content":{"rendered":"<div class=\"wpb-content-wrapper\"><p>[vc_row full_width=&#8221;true&#8221; autoheight=&#8221;true&#8221; padding_top=&#8221;0&#8243;][vc_column text_align=&#8221;center&#8221; pr=&#8221;20&#8243;][vc_column_text el_class=&#8221;text-header&#8221;]<\/p>\n<h3>Gaudeix d&#8217;un caf\u00e8 amb un gran sabor i un intens aroma i garanteix que m\u00e9s nenes completin la seva educaci\u00f3 a Uganda.<\/h3>\n<p>[\/vc_column_text]<div class='gap nz-clearfix' style='height:25px'>&nbsp;<\/div>[vc_column_text el_class=&#8221;text-header&#8221;]El Caf\u00e8 Tierra Madre est\u00e0 cultivat per fam\u00edlies agricultores a petites parcel\u00b7les de manera tradicional.\u00a0Gr\u00e0cies al pagament directe que reben per la seva feina, poden garantir un futur just per a les seves fam\u00edlies i tota la comunitat.[\/vc_column_text]<div class='gap nz-clearfix' style='height:25px'>&nbsp;<\/div>[vc_raw_html]JTNDaWZyYW1lJTIwd2lkdGglM0QlMjIxMDAlMjUlMjIlMjBoZWlnaHQlM0QlMjI2MDAlMjIlMjBzcmMlM0QlMjJodHRwcyUzQSUyRiUyRnd3dy55b3V0dWJlLmNvbSUyRmVtYmVkJTJGTjY2Q25zUHBHLXMlMjIlMjB0aXRsZSUzRCUyMllvdVR1YmUlMjB2aWRlbyUyMHBsYXllciUyMiUyMGZyYW1lYm9yZGVyJTNEJTIyMCUyMiUyMGFsbG93JTNEJTIyYWNjZWxlcm9tZXRlciUzQiUyMGF1dG9wbGF5JTNCJTIwY2xpcGJvYXJkLXdyaXRlJTNCJTIwZW5jcnlwdGVkLW1lZGlhJTNCJTIwZ3lyb3Njb3BlJTNCJTIwcGljdHVyZS1pbi1waWN0dXJlJTNCJTIwd2ViLXNoYXJlJTIyJTIwYWxsb3dmdWxsc2NyZWVuJTNFJTNDJTJGaWZyYW1lJTNF[\/vc_raw_html][\/vc_column][\/vc_row][vc_row full_width=&#8221;true&#8221; padding_left=&#8221;50&#8243; padding_right=&#8221;50&#8243;][vc_column text_align=&#8221;center&#8221;][vc_column_text pb=&#8221;20&#8243;]<\/p>\n<h2>On comprar el caf\u00e8 Tierra Madre?<\/h2>\n<p>[\/vc_column_text][vc_column_text el_class=&#8221;text-header&#8221;]<span style=\"font-weight: 400;\">Pots trobar diverses varietats de Caf\u00e8 Tierra Madre al teu supermercat habitual, herboristeries, botigues eco, botigues de comer\u00e7 just o a les botigues d&#8217;Oxfam Interm\u00f3n.<\/span><\/p>\n<p><span style=\"font-weight: 400;\">Tamb\u00e9 tenim <\/span><a href=\"https:\/\/tienda.oxfamintermon.org\/cafe-molido\/1055-cafe-oxfam-molido-natural.html\"><span style=\"font-weight: 400;\">botiga online<\/span><\/a><span style=\"font-weight: 400;\">!<\/span><\/p>\n<p><span style=\"font-weight: 400;\">Troba al nostre mapa els punts de venta m\u00e9s propers a tu.<\/span>[\/vc_column_text]<div class='gap nz-clearfix' style='height:25px'>&nbsp;<\/div><a class=\"button button-normal default full-false small round animate-false anim-type-ghost hover-fill element-animate-false\" href=\"\/troba-els-nostres-productes\/\" target=\"_blank\" data-effect=\"none\"><span class=\"txt\">VEURE PUNTS DE VENDA<\/span><\/a>[\/vc_column][\/vc_row][vc_row][vc_column][vc_single_image image=&#8221;3924&#8243; img_size=&#8221;full&#8221; alignment=&#8221;center&#8221;][\/vc_column][\/vc_row][vc_row][vc_column][vc_column_text]<\/p>\n<h2 style=\"text-align: center;\">Aix\u00ed contribueix el Caf\u00e8 Tierra Madre a crear un m\u00f3n m\u00e9s just<\/h2>\n<p>[\/vc_column_text][\/vc_column][\/vc_row][vc_row][vc_column width=&#8221;1\/3&#8243;][vc_single_image image=&#8221;3839&#8243; img_size=&#8221;150X150&#8243; alignment=&#8221;center&#8221;][vc_column_text]<\/p>\n<h3 style=\"text-align: center;\"><strong>Pagament directe i digne<\/strong><\/h3>\n<p>[\/vc_column_text][vc_column_text]Caf\u00e8 comprat directament a cooperatives de comer\u00e7 just d&#8217;Uganda, Guatemala i Nicaragua pagant un preu digne a les fam\u00edlies productores.[\/vc_column_text][\/vc_column][vc_column width=&#8221;1\/3&#8243;][vc_single_image image=&#8221;3850&#8243; img_size=&#8221;150X150&#8243; alignment=&#8221;center&#8221;][vc_column_text]<\/p>\n<h3 style=\"text-align: center;\"><strong>Desenvolupament comunitari<\/strong><\/h3>\n<p>[\/vc_column_text][vc_column_text]La cooperativa ACPCU (Uganda) defensa l&#8217;educaci\u00f3 com a base d&#8217;un desenvolupament futur. Per aix\u00f2, aquest caf\u00e8 contribueix al manteniment de les escoles comunit\u00e0ries.[\/vc_column_text][\/vc_column][vc_column width=&#8221;1\/3&#8243;][vc_single_image image=&#8221;3853&#8243; img_size=&#8221;150X150&#8243; alignment=&#8221;center&#8221;][vc_column_text]<\/p>\n<h3 style=\"text-align: center;\"><strong>Cultiu sostenible<\/strong><\/h3>\n<p>[\/vc_column_text][vc_column_text]Caf\u00e8 provinent de petites parcel\u00b7les familiars. Est\u00e0 cultivat sobta la sobra d&#8217;arbres de boscos de manera tradicional i sostenible.[\/vc_column_text][\/vc_column][\/vc_row]<\/p>\n<\/div>","protected":false},"excerpt":{"rendered":"<p>[vc_row full_width=&#8221;true&#8221; autoheight=&#8221;true&#8221; padding_top=&#8221;0&#8243;][vc_column text_align=&#8221;center&#8221; pr=&#8221;20&#8243;][vc_column_text el_class=&#8221;text-header&#8221;] Gaudeix d&#8217;un caf\u00e8 amb un gran sabor i un intens aroma i garanteix que m\u00e9s nenes completin la seva educaci\u00f3 a Uganda. [\/vc_column_text][vc_column_text el_class=&#8221;text-header&#8221;]El Caf\u00e8 Tierra Madre est\u00e0 cultivat per fam\u00edlies agricultores a petites parcel\u00b7les de manera tradicional.\u00a0Gr\u00e0cies al pagament directe que reben per la seva feina, poden [&hellip;]<\/p>\n","protected":false},"author":2,"featured_media":0,"parent":0,"menu_order":0,"comment_status":"closed","ping_status":"closed","template":"","meta":{"footnotes":""},"class_list":["post-3932","page","type-page","status-publish","hentry"],"yoast_head":"<!-- This site is optimized with the Yoast SEO plugin v27.0 - https:\/\/yoast.com\/product\/yoast-seo-wordpress\/ -->\n<title>Et ve de gust un m\u00f3n m\u00e9s just? - Tierra Madre<\/title>\n<meta name=\"robots\" content=\"noindex, nofollow\" \/>\n<meta property=\"og:locale\" content=\"ca_ES\" \/>\n<meta property=\"og:type\" content=\"article\" \/>\n<meta property=\"og:title\" content=\"Et ve de gust un m\u00f3n m\u00e9s just? - Tierra Madre\" \/>\n<meta property=\"og:description\" content=\"[vc_row full_width=&#8221;true&#8221; autoheight=&#8221;true&#8221; padding_top=&#8221;0&#8243;][vc_column text_align=&#8221;center&#8221; pr=&#8221;20&#8243;][vc_column_text el_class=&#8221;text-header&#8221;] Gaudeix d&#8217;un caf\u00e8 amb un gran sabor i un intens aroma i garanteix que m\u00e9s nenes completin la seva educaci\u00f3 a Uganda. [\/vc_column_text][vc_column_text el_class=&#8221;text-header&#8221;]El Caf\u00e8 Tierra Madre est\u00e0 cultivat per fam\u00edlies agricultores a petites parcel\u00b7les de manera tradicional.\u00a0Gr\u00e0cies al pagament directe que reben per la seva feina, poden [&hellip;]\" \/>\n<meta property=\"og:url\" content=\"https:\/\/www.tierramadre.org\/ca\/cafe-oxfamintermon\/\" \/>\n<meta property=\"og:site_name\" content=\"Tierra Madre\" \/>\n<meta property=\"article:publisher\" content=\"https:\/\/www.facebook.com\/ComercioJustoOxfamIntermon\" \/>\n<meta property=\"article:modified_time\" content=\"2023-06-15T13:40:29+00:00\" \/>\n<meta name=\"twitter:card\" content=\"summary_large_image\" \/>\n<meta name=\"twitter:site\" content=\"@home\" \/>\n<meta name=\"twitter:label1\" content=\"Temps estimat de lectura\" \/>\n\t<meta name=\"twitter:data1\" content=\"2 minuts\" \/>\n<script type=\"application\/ld+json\" class=\"yoast-schema-graph\">{\"@context\":\"https:\/\/schema.org\",\"@graph\":[{\"@type\":\"WebPage\",\"@id\":\"https:\/\/www.tierramadre.org\/ca\/cafe-oxfamintermon\/\",\"url\":\"https:\/\/www.tierramadre.org\/ca\/cafe-oxfamintermon\/\",\"name\":\"Et ve de gust un m\u00f3n m\u00e9s just? - Tierra Madre\",\"isPartOf\":{\"@id\":\"https:\/\/www.tierramadre.org\/#website\"},\"datePublished\":\"2023-06-14T09:15:53+00:00\",\"dateModified\":\"2023-06-15T13:40:29+00:00\",\"breadcrumb\":{\"@id\":\"https:\/\/www.tierramadre.org\/ca\/cafe-oxfamintermon\/#breadcrumb\"},\"inLanguage\":\"ca\",\"potentialAction\":[{\"@type\":\"ReadAction\",\"target\":[\"https:\/\/www.tierramadre.org\/ca\/cafe-oxfamintermon\/\"]}]},{\"@type\":\"BreadcrumbList\",\"@id\":\"https:\/\/www.tierramadre.org\/ca\/cafe-oxfamintermon\/#breadcrumb\",\"itemListElement\":[{\"@type\":\"ListItem\",\"position\":1,\"name\":\"Portada\",\"item\":\"https:\/\/www.tierramadre.org\/ca\/\"},{\"@type\":\"ListItem\",\"position\":2,\"name\":\"Et ve de gust un m\u00f3n m\u00e9s just?\"}]},{\"@type\":\"WebSite\",\"@id\":\"https:\/\/www.tierramadre.org\/#website\",\"url\":\"https:\/\/www.tierramadre.org\/\",\"name\":\"Tierra Madre\",\"description\":\"La Marca de alimentos naturales de Comercio Justo \u2013 Oxfam Interm\u00f3n\",\"publisher\":{\"@id\":\"https:\/\/www.tierramadre.org\/#organization\"},\"potentialAction\":[{\"@type\":\"SearchAction\",\"target\":{\"@type\":\"EntryPoint\",\"urlTemplate\":\"https:\/\/www.tierramadre.org\/?s={search_term_string}\"},\"query-input\":{\"@type\":\"PropertyValueSpecification\",\"valueRequired\":true,\"valueName\":\"search_term_string\"}}],\"inLanguage\":\"ca\"},{\"@type\":\"Organization\",\"@id\":\"https:\/\/www.tierramadre.org\/#organization\",\"name\":\"Fundaci\u00f3n Oxfam Interm\u00f3n\",\"url\":\"https:\/\/www.tierramadre.org\/\",\"logo\":{\"@type\":\"ImageObject\",\"inLanguage\":\"ca\",\"@id\":\"https:\/\/www.tierramadre.org\/#\/schema\/logo\/image\/\",\"url\":\"https:\/\/www.tierramadre.org\/wp-content\/uploads\/OX_INM_VL_C_RGB.png\",\"contentUrl\":\"https:\/\/www.tierramadre.org\/wp-content\/uploads\/OX_INM_VL_C_RGB.png\",\"width\":2005,\"height\":2304,\"caption\":\"Fundaci\u00f3n Oxfam Interm\u00f3n\"},\"image\":{\"@id\":\"https:\/\/www.tierramadre.org\/#\/schema\/logo\/image\/\"},\"sameAs\":[\"https:\/\/www.facebook.com\/ComercioJustoOxfamIntermon\",\"https:\/\/x.com\/home\",\"https:\/\/www.instagram.com\/comerciojustooxfamintermon\/\",\"https:\/\/www.youtube.com\/channel\/UCP978TjDBqCA14lSWeX1XHA\"]}]}<\/script>\n<!-- \/ Yoast SEO plugin. -->","yoast_head_json":{"title":"Et ve de gust un m\u00f3n m\u00e9s just? - Tierra Madre","robots":{"index":"noindex","follow":"nofollow"},"og_locale":"ca_ES","og_type":"article","og_title":"Et ve de gust un m\u00f3n m\u00e9s just? - Tierra Madre","og_description":"[vc_row full_width=&#8221;true&#8221; autoheight=&#8221;true&#8221; padding_top=&#8221;0&#8243;][vc_column text_align=&#8221;center&#8221; pr=&#8221;20&#8243;][vc_column_text el_class=&#8221;text-header&#8221;] Gaudeix d&#8217;un caf\u00e8 amb un gran sabor i un intens aroma i garanteix que m\u00e9s nenes completin la seva educaci\u00f3 a Uganda. [\/vc_column_text][vc_column_text el_class=&#8221;text-header&#8221;]El Caf\u00e8 Tierra Madre est\u00e0 cultivat per fam\u00edlies agricultores a petites parcel\u00b7les de manera tradicional.\u00a0Gr\u00e0cies al pagament directe que reben per la seva feina, poden [&hellip;]","og_url":"https:\/\/www.tierramadre.org\/ca\/cafe-oxfamintermon\/","og_site_name":"Tierra Madre","article_publisher":"https:\/\/www.facebook.com\/ComercioJustoOxfamIntermon","article_modified_time":"2023-06-15T13:40:29+00:00","twitter_card":"summary_large_image","twitter_site":"@home","twitter_misc":{"Temps estimat de lectura":"2 minuts"},"schema":{"@context":"https:\/\/schema.org","@graph":[{"@type":"WebPage","@id":"https:\/\/www.tierramadre.org\/ca\/cafe-oxfamintermon\/","url":"https:\/\/www.tierramadre.org\/ca\/cafe-oxfamintermon\/","name":"Et ve de gust un m\u00f3n m\u00e9s just? - Tierra Madre","isPartOf":{"@id":"https:\/\/www.tierramadre.org\/#website"},"datePublished":"2023-06-14T09:15:53+00:00","dateModified":"2023-06-15T13:40:29+00:00","breadcrumb":{"@id":"https:\/\/www.tierramadre.org\/ca\/cafe-oxfamintermon\/#breadcrumb"},"inLanguage":"ca","potentialAction":[{"@type":"ReadAction","target":["https:\/\/www.tierramadre.org\/ca\/cafe-oxfamintermon\/"]}]},{"@type":"BreadcrumbList","@id":"https:\/\/www.tierramadre.org\/ca\/cafe-oxfamintermon\/#breadcrumb","itemListElement":[{"@type":"ListItem","position":1,"name":"Portada","item":"https:\/\/www.tierramadre.org\/ca\/"},{"@type":"ListItem","position":2,"name":"Et ve de gust un m\u00f3n m\u00e9s just?"}]},{"@type":"WebSite","@id":"https:\/\/www.tierramadre.org\/#website","url":"https:\/\/www.tierramadre.org\/","name":"Tierra Madre","description":"La Marca de alimentos naturales de Comercio Justo \u2013 Oxfam Interm\u00f3n","publisher":{"@id":"https:\/\/www.tierramadre.org\/#organization"},"potentialAction":[{"@type":"SearchAction","target":{"@type":"EntryPoint","urlTemplate":"https:\/\/www.tierramadre.org\/?s={search_term_string}"},"query-input":{"@type":"PropertyValueSpecification","valueRequired":true,"valueName":"search_term_string"}}],"inLanguage":"ca"},{"@type":"Organization","@id":"https:\/\/www.tierramadre.org\/#organization","name":"Fundaci\u00f3n Oxfam Interm\u00f3n","url":"https:\/\/www.tierramadre.org\/","logo":{"@type":"ImageObject","inLanguage":"ca","@id":"https:\/\/www.tierramadre.org\/#\/schema\/logo\/image\/","url":"https:\/\/www.tierramadre.org\/wp-content\/uploads\/OX_INM_VL_C_RGB.png","contentUrl":"https:\/\/www.tierramadre.org\/wp-content\/uploads\/OX_INM_VL_C_RGB.png","width":2005,"height":2304,"caption":"Fundaci\u00f3n Oxfam Interm\u00f3n"},"image":{"@id":"https:\/\/www.tierramadre.org\/#\/schema\/logo\/image\/"},"sameAs":["https:\/\/www.facebook.com\/ComercioJustoOxfamIntermon","https:\/\/x.com\/home","https:\/\/www.instagram.com\/comerciojustooxfamintermon\/","https:\/\/www.youtube.com\/channel\/UCP978TjDBqCA14lSWeX1XHA"]}]}},"_links":{"self":[{"href":"https:\/\/www.tierramadre.org\/ca\/wp-json\/wp\/v2\/pages\/3932","targetHints":{"allow":["GET"]}}],"collection":[{"href":"https:\/\/www.tierramadre.org\/ca\/wp-json\/wp\/v2\/pages"}],"about":[{"href":"https:\/\/www.tierramadre.org\/ca\/wp-json\/wp\/v2\/types\/page"}],"author":[{"embeddable":true,"href":"https:\/\/www.tierramadre.org\/ca\/wp-json\/wp\/v2\/users\/2"}],"replies":[{"embeddable":true,"href":"https:\/\/www.tierramadre.org\/ca\/wp-json\/wp\/v2\/comments?post=3932"}],"version-history":[{"count":6,"href":"https:\/\/www.tierramadre.org\/ca\/wp-json\/wp\/v2\/pages\/3932\/revisions"}],"predecessor-version":[{"id":3960,"href":"https:\/\/www.tierramadre.org\/ca\/wp-json\/wp\/v2\/pages\/3932\/revisions\/3960"}],"wp:attachment":[{"href":"https:\/\/www.tierramadre.org\/ca\/wp-json\/wp\/v2\/media?parent=3932"}],"curies":[{"name":"wp","href":"https:\/\/api.w.org\/{rel}","templated":true}]}}