{"id":5673,"date":"2026-03-04T10:50:01","date_gmt":"2026-03-04T08:50:01","guid":{"rendered":"https:\/\/www.tierramadre.org\/?page_id=5673"},"modified":"2026-03-04T11:03:32","modified_gmt":"2026-03-04T09:03:32","slug":"productos-tierra-madre","status":"publish","type":"page","link":"https:\/\/www.tierramadre.org\/ca\/productes","title":{"rendered":"PRODUCTES"},"content":{"rendered":"<div class=\"wpb-content-wrapper\"><p>[vc_row][vc_column margin_b=&#8221;false&#8221;][vc_column_text el_class=&#8221;text-header&#8221;]<\/p>\n<p style=\"text-align: center;\"><strong>Tierra Madre \u00e9s la marca d\u2019alimentaci\u00f3 de comer\u00e7 just de Oxfam Interm\u00f3n.<\/strong>.<\/p>\n<p style=\"text-align: center;\">Productes elaborats amb mat\u00e8ria prima natural de molt bona qualitat, directa del productor.<\/p>\n<p style=\"text-align: center;\">L\u2019equilibri entre bon gust, qualitat i sostenibilitat. Descobreix una selecci\u00f3 dels nostres productes Tierra Madre.<\/p>\n<p>[\/vc_column_text][\/vc_column][\/vc_row][vc_row id=&#8221;cafe&#8221; autoheight=&#8221;true&#8221; el_class=&#8221;product-categorias&#8221;][vc_column width=&#8221;2\/3&#8243; margin_b=&#8221;false&#8221;][vc_single_image image=&#8221;4334&#8243; img_size=&#8221;full&#8221; css=&#8221;.vc_custom_1699398610916{margin-bottom: 0px !important;}&#8221;][\/vc_column][vc_column width=&#8221;1\/3&#8243; valign=&#8221;middle&#8221; pl=&#8221;30&#8243; pr=&#8221;30&#8243; pt=&#8221;30&#8243; pb=&#8221;30&#8243; back_color=&#8221;#d3c7be&#8221; color=&#8221;#4c3b2b&#8221;][vc_column_text]<\/p>\n<h2>Caf\u00e8<\/h2>\n<p style=\"text-align: justify;\" align=\"justify\">Ets amant del bon caf\u00e8 i frises amb una bona tassa? Descobreix la nostra selecci\u00f3 i gaudeix dels millors grans de caf\u00e8 ar\u00e0biga i robusta seleccionats per les fam\u00edlies camperoles de Uganda, Nicaragua i Guatemala.<\/p>\n<p style=\"text-align: justify;\" align=\"justify\">Importats directament de les cooperatives per tal d\u2019oferir-te la millor selecci\u00f3 entre les varietats.<\/p>\n<p style=\"text-align: justify;\" align=\"justify\"><a href=\"\/productores?productorid=1\">Coneix qui hi ha darrera del caf\u00e8 de Oxfam Interm\u00f3n.<\/a><\/p>\n<p>[\/vc_column_text]<a class=\"button button-normal white full-false small round animate-false anim-type-ghost hover-fill element-animate-false\" href=\"https:\/\/tienda.oxfamintermon.org\/es\/alimentacion\/cafes.html\/\" target=\"_blank\" data-effect=\"none\"><span class=\"txt\">VEURE A LA BOTIGA<\/span><\/a>[\/vc_column][\/vc_row][vc_row id=&#8221;cacao&#8221; autoheight=&#8221;true&#8221; el_class=&#8221;product-categorias&#8221;][vc_column width=&#8221;2\/3&#8243; margin_b=&#8221;false&#8221;][vc_single_image image=&#8221;4336&#8243; img_size=&#8221;full&#8221; css=&#8221;.vc_custom_1699398643359{margin-bottom: 0px !important;}&#8221;][\/vc_column][vc_column width=&#8221;1\/3&#8243; valign=&#8221;middle&#8221; pl=&#8221;30&#8243; pr=&#8221;30&#8243; pt=&#8221;30&#8243; pb=&#8221;30&#8243; back_color=&#8221;#d3c7be&#8221; color=&#8221;#4c3b2b&#8221;][vc_column_text el_id=&#8221;cacao-en-polvo&#8221;][\/vc_column_text][vc_column_text el_id=&#8221;instantaneo-al-cacao&#8221;][\/vc_column_text][vc_column_text]<\/p>\n<h2>Cacau<\/h2>\n<p style=\"text-align: justify;\">El plaer de l\u2019aut\u00e8ntic cacau d\u2019origen a la teva boca. Ideals per paladars exigents, compromesos amb les persones i el medi ambient.<\/p>\n<p style=\"text-align: justify;\">Elaborats amb el millor cacau de Santo Tom\u00e9 y Pr\u00edncipe i la Rep\u00fablica Dominicana, pa\u00efsos d\u2019origen del cacau molt coneguts per la seva alt\u00edssima qualitat. Una barreja de sucre de canya integral, sucre mascobado i sucre de canya panela aporten una mat\u00e8ria prima diferent i de fin\u00edssima qualitat als productes.<\/p>\n<p style=\"text-align: justify;\"><a href=\"\/productores?productorid=4\">Descobreix qui cultiva aquest delici\u00f3s cacau.<\/a><\/p>\n<p>[\/vc_column_text]<a class=\"button button-normal white full-false small round animate-false anim-type-ghost hover-fill element-animate-false\" href=\"https:\/\/tienda.oxfamintermon.org\/es\/alimentacion\/chocolates.html\/\" target=\"_blank\" data-effect=\"none\"><span class=\"txt\">VEURE A LA BOTIGA<\/span><\/a>[\/vc_column][\/vc_row][vc_row id=&#8221;azucar&#8221; autoheight=&#8221;true&#8221; el_class=&#8221;product-categorias&#8221;][vc_column width=&#8221;2\/3&#8243; margin_b=&#8221;false&#8221;][vc_single_image image=&#8221;4332&#8243; img_size=&#8221;full&#8221; css=&#8221;.vc_custom_1699398221666{margin-bottom: 0px !important;}&#8221;][\/vc_column][vc_column width=&#8221;1\/3&#8243; valign=&#8221;middle&#8221; pl=&#8221;30&#8243; pr=&#8221;30&#8243; pt=&#8221;30&#8243; pb=&#8221;30&#8243; back_color=&#8221;#d3c7be&#8221; color=&#8221;#4c3b2b&#8221;][vc_column_text el_id=&#8221;panela&#8221;][\/vc_column_text][vc_column_text]<\/p>\n<h2>Sucre<\/h2>\n<p><strong>Si t\u2019agrada endolcir el teu dia a dia per\u00f2 busques un sucre especial i ecol\u00f2gic, et convidem a con\u00e8ixer el nostre sucre de canya sense refinar de Paraguai, la nostra panela, elaborada artesanalment a Per\u00fa i Equador o el nostre sucre de coco elaborat a Indon\u00e8sia.<\/strong><\/p>\n<p><strong>Una alternativa de sucres m\u00e9s purs sense refinar ni blanquejar, que permet a centenars de fam\u00edlies camperoles tenir un futur gr\u00e0cies al conreu de la canya de sucre o del coco.<\/strong><\/p>\n<p style=\"text-align: justify;\"><a href=\"\/productores?productorid=2\">Descobreix la revoluci\u00f3 dol\u00e7a de Manduvir\u00e1, la cooperativa productora del nostre sucre.<\/a><\/p>\n<p>[\/vc_column_text]<a class=\"button button-normal white full-false small round animate-false anim-type-ghost hover-fill element-animate-false\" href=\"https:\/\/tienda.oxfamintermon.org\/es\/alimentacion\/dulce\/azucar.html\" target=\"_blank\" data-effect=\"none\"><span class=\"txt\">VEURE A LA BOTIGA<\/span><\/a>[\/vc_column][\/vc_row][vc_row id=&#8221;cereales&#8221; autoheight=&#8221;true&#8221; el_class=&#8221;product-categorias&#8221;][vc_column width=&#8221;2\/3&#8243; margin_b=&#8221;false&#8221;][vc_single_image image=&#8221;4330&#8243; img_size=&#8221;full&#8221; css=&#8221;.vc_custom_1699398237877{margin-bottom: 0px !important;}&#8221;][\/vc_column][vc_column width=&#8221;1\/3&#8243; valign=&#8221;middle&#8221; pl=&#8221;30&#8243; pr=&#8221;30&#8243; pt=&#8221;30&#8243; pb=&#8221;30&#8243; back_color=&#8221;#d3c7be&#8221; color=&#8221;#4c3b2b&#8221;][vc_column_text el_id=&#8221;arroz&#8221;][\/vc_column_text][vc_column_text el_id=&#8221;quinoa&#8221;][\/vc_column_text][vc_column_text]<\/p>\n<h2>Cereals<\/h2>\n<p style=\"text-align: justify;\">T\u2019agradaria gaudir d\u2019\u00e0pats mes sans a la teva taula? La nostra selecci\u00f3 de cereals ecol\u00f2gics et permetr\u00e0 viatjar mitjan\u00e7ant els teus plats.<\/p>\n<p style=\"text-align: justify;\">Atreveix-te amb receptes noves utilitzant quinoa Real ecol\u00f2gica de Bol\u00edvia o els arrossos integrals i Hom Mali (arr\u00f2s de llessam\u00ed) que hem portat directament de Tail\u00e0ndia!<\/p>\n<p style=\"text-align: justify;\"><a href=\"\/productores?productorid=5\">Apr\u00e8n sobre arr\u00f2s i ecologia amb la cooperativa Green Net.<\/a><\/p>\n<p>[\/vc_column_text]<a class=\"button button-normal white full-false small round animate-false anim-type-ghost hover-fill element-animate-false\" href=\"https:\/\/tienda.oxfamintermon.org\/30-cereales\" target=\"_blank\" data-effect=\"none\"><span class=\"txt\">VEURE A LA BOTIGA<\/span><\/a>[\/vc_column][\/vc_row][vc_row id=&#8221;te&#8221; autoheight=&#8221;true&#8221; el_class=&#8221;product-categorias&#8221;][vc_column width=&#8221;2\/3&#8243; margin_b=&#8221;false&#8221;][vc_single_image image=&#8221;4328&#8243; img_size=&#8221;full&#8221; css=&#8221;.vc_custom_1699398254126{margin-bottom: 0px !important;}&#8221;][\/vc_column][vc_column width=&#8221;1\/3&#8243; valign=&#8221;middle&#8221; pl=&#8221;30&#8243; pr=&#8221;30&#8243; pt=&#8221;30&#8243; pb=&#8221;30&#8243; back_color=&#8221;#d3c7be&#8221; color=&#8221;#4c3b2b&#8221;][vc_column_text el_id=&#8221;infusiones&#8221;][\/vc_column_text][vc_column_text]<\/p>\n<h2>Tes<\/h2>\n<p style=\"text-align: justify;\">No tots els tes procedeixen de plantacions extenses. Els nostres son diferents. Venen de petites parcel\u00b7les familiars a Sri Lanka, Sud\u00e0frica o Egipte.<\/p>\n<p style=\"text-align: justify;\">Hi ha una gamma de tes, infusions funcionals i infusions b\u00e0siques com la camamilla i el poliol provinents de l\u2019agricultura ecol\u00f2gica. Amb la teva tassa gaudir\u00e0s d\u2019un aroma i un gust intensos i contribuir\u00e0s a un desenvolupament sostenible.<\/p>\n<p style=\"text-align: justify;\"><a href=\"\/productores?productorid=3\">Gaudeix d\u2019un bon te mentre coneixes la hist\u00f2ria dels seus conreadors a Sri Lanka.<\/a><\/p>\n<p>[\/vc_column_text]<a class=\"button button-normal white full-false small round animate-false anim-type-ghost hover-fill element-animate-false\" href=\"https:\/\/tienda.oxfamintermon.org\/es\/alimentacion\/tes-e-infusiones.html\/\" target=\"_blank\" data-effect=\"none\"><span class=\"txt\">VEURE A LA BOTIGA<\/span><\/a>[\/vc_column][\/vc_row][vc_row background_image=&#8221;266&#8243;][vc_column][vc_column_text]<\/p>\n<h3 style=\"color: #4c3b2b;\">TESTIMONIS<\/h3>\n<p>[\/vc_column_text][vc_row_inner][vc_column_inner width=&#8221;1\/3&#8243;][vc_column_text]<\/p>\n<div class=\"slide-testimonio\">\n<blockquote><p>Estan bon\u00edssims i, sobre tot, s\u00f3n de comer\u00e7 just. Saber que a m\u00e9s de consumir aliments de bona qualitat, ajudes a que gent amb recursos escassos visqui millor, sense afavorir \u201cals de Sempre\u201d, \u00e9s genial.<\/p><\/blockquote>\n<p><img decoding=\"async\" class=\"alignnone size-medium wp-image-142 lazyload\" data-src=\"https:\/\/www.tierramadre.org\/wp-content\/uploads\/Marthazul-300x300.jpg\" alt=\"\" width=\"300\" height=\"300\" data-srcset=\"https:\/\/www.tierramadre.org\/wp-content\/uploads\/Marthazul-300x300.jpg 300w, https:\/\/www.tierramadre.org\/wp-content\/uploads\/Marthazul-150x150.jpg 150w, https:\/\/www.tierramadre.org\/wp-content\/uploads\/Marthazul-768x768.jpg 768w, https:\/\/www.tierramadre.org\/wp-content\/uploads\/Marthazul.jpg 800w\" data-sizes=\"(max-width: 300px) 100vw, 300px\" src=\"data:image\/svg+xml;base64,PHN2ZyB3aWR0aD0iMSIgaGVpZ2h0PSIxIiB4bWxucz0iaHR0cDovL3d3dy53My5vcmcvMjAwMC9zdmciPjwvc3ZnPg==\" style=\"--smush-placeholder-width: 300px; --smush-placeholder-aspect-ratio: 300\/300;\" \/><span class=\"testimonio-name\">Marta &#8211; AROUSA<\/span><\/p>\n<\/div>\n<p>[\/vc_column_text][\/vc_column_inner][vc_column_inner width=&#8221;1\/3&#8243;][vc_column_text]<\/p>\n<div class=\"slide-testimonio\">\n<blockquote><p>Doncs b\u00e0sicament compro productes d\u2019alimentaci\u00f3 (i d\u2019altres productes tamb\u00e9) d\u2019Oxfam perqu\u00e8 crec que son productes de molt bona qualitat, molt bon gust, en l\u2019elaboraci\u00f3 dels quals es compleixen criteris de just\u00edcia social aix\u00ed i s\u2019assoleixen sous dignes pels seus productors<\/p><\/blockquote>\n<p><img decoding=\"async\" class=\"alignnone size-medium wp-image-140 lazyload\" data-src=\"https:\/\/www.tierramadre.org\/wp-content\/uploads\/Juan-Garc\u00eda-300x300.jpg\" alt=\"\" width=\"300\" height=\"300\" data-srcset=\"https:\/\/www.tierramadre.org\/wp-content\/uploads\/Juan-Garc\u00eda-300x300.jpg 300w, https:\/\/www.tierramadre.org\/wp-content\/uploads\/Juan-Garc\u00eda-150x150.jpg 150w, https:\/\/www.tierramadre.org\/wp-content\/uploads\/Juan-Garc\u00eda.jpg 400w\" data-sizes=\"(max-width: 300px) 100vw, 300px\" src=\"data:image\/svg+xml;base64,PHN2ZyB3aWR0aD0iMSIgaGVpZ2h0PSIxIiB4bWxucz0iaHR0cDovL3d3dy53My5vcmcvMjAwMC9zdmciPjwvc3ZnPg==\" style=\"--smush-placeholder-width: 300px; --smush-placeholder-aspect-ratio: 300\/300;\" \/><span class=\"testimonio-name\">Juan Garc\u00eda<\/span><\/p>\n<\/div>\n<p>[\/vc_column_text][\/vc_column_inner][vc_column_inner width=&#8221;1\/3&#8243;][vc_column_text]<\/p>\n<div class=\"slide-testimonio\">\n<blockquote><p>Des de fa anys comprem productes Oxfam perqu\u00e8 \u00e9s una manera de contribuir a un comer\u00e7 m\u00e9s just i perqu\u00e8 els productes sempre triomfen entre els nostres empleats i els nostres clients.<\/p><\/blockquote>\n<p><img decoding=\"async\" class=\"alignnone size-medium wp-image-141 lazyload\" data-src=\"https:\/\/www.tierramadre.org\/wp-content\/uploads\/logo-testimonio-300x39.png\" alt=\"\" width=\"300\" height=\"39\" data-srcset=\"https:\/\/www.tierramadre.org\/wp-content\/uploads\/logo-testimonio-300x39.png 300w, https:\/\/www.tierramadre.org\/wp-content\/uploads\/logo-testimonio-768x100.png 768w, https:\/\/www.tierramadre.org\/wp-content\/uploads\/logo-testimonio-1024x133.png 1024w\" data-sizes=\"(max-width: 300px) 100vw, 300px\" src=\"data:image\/svg+xml;base64,PHN2ZyB3aWR0aD0iMSIgaGVpZ2h0PSIxIiB4bWxucz0iaHR0cDovL3d3dy53My5vcmcvMjAwMC9zdmciPjwvc3ZnPg==\" style=\"--smush-placeholder-width: 300px; --smush-placeholder-aspect-ratio: 300\/39;\" \/><span class=\"testimonio-name\">Text100<\/span><\/p>\n<\/div>\n<p>[\/vc_column_text][\/vc_column_inner][\/vc_row_inner][\/vc_column][\/vc_row]<\/p>\n<\/div>","protected":false},"excerpt":{"rendered":"<p>[vc_row][vc_column margin_b=&#8221;false&#8221;][vc_column_text el_class=&#8221;text-header&#8221;] Tierra Madre \u00e9s la marca d\u2019alimentaci\u00f3 de comer\u00e7 just de Oxfam Interm\u00f3n.. Productes elaborats amb mat\u00e8ria prima natural de molt bona qualitat, directa del productor. L\u2019equilibri entre bon gust, qualitat i sostenibilitat. Descobreix una selecci\u00f3 dels nostres productes Tierra Madre. [\/vc_column_text][\/vc_column][\/vc_row][vc_row id=&#8221;cafe&#8221; autoheight=&#8221;true&#8221; el_class=&#8221;product-categorias&#8221;][vc_column width=&#8221;2\/3&#8243; margin_b=&#8221;false&#8221;][vc_single_image image=&#8221;4334&#8243; img_size=&#8221;full&#8221; css=&#8221;.vc_custom_1699398610916{margin-bottom: 0px !important;}&#8221;][\/vc_column][vc_column width=&#8221;1\/3&#8243; [&hellip;]<\/p>\n","protected":false},"author":2,"featured_media":0,"parent":0,"menu_order":0,"comment_status":"closed","ping_status":"closed","template":"page-vc.php","meta":{"footnotes":""},"class_list":["post-5673","page","type-page","status-publish","hentry"],"yoast_head":"<!-- This site is optimized with the Yoast SEO plugin v27.0 - https:\/\/yoast.com\/product\/yoast-seo-wordpress\/ -->\n<title>PRODUCTES - Tierra Madre<\/title>\n<meta name=\"robots\" content=\"index, follow, max-snippet:-1, max-image-preview:large, max-video-preview:-1\" \/>\n<link rel=\"canonical\" href=\"https:\/\/www.tierramadre.org\/ca\/productes\/\" \/>\n<meta property=\"og:locale\" content=\"ca_ES\" \/>\n<meta property=\"og:type\" content=\"article\" \/>\n<meta property=\"og:title\" content=\"PRODUCTES - Tierra Madre\" \/>\n<meta property=\"og:description\" content=\"[vc_row][vc_column margin_b=&#8221;false&#8221;][vc_column_text el_class=&#8221;text-header&#8221;] Tierra Madre \u00e9s la marca d\u2019alimentaci\u00f3 de comer\u00e7 just de Oxfam Interm\u00f3n.. Productes elaborats amb mat\u00e8ria prima natural de molt bona qualitat, directa del productor. L\u2019equilibri entre bon gust, qualitat i sostenibilitat. Descobreix una selecci\u00f3 dels nostres productes Tierra Madre. [\/vc_column_text][\/vc_column][\/vc_row][vc_row id=&#8221;cafe&#8221; autoheight=&#8221;true&#8221; el_class=&#8221;product-categorias&#8221;][vc_column width=&#8221;2\/3&#8243; margin_b=&#8221;false&#8221;][vc_single_image image=&#8221;4334&#8243; img_size=&#8221;full&#8221; css=&#8221;.vc_custom_1699398610916{margin-bottom: 0px !important;}&#8221;][\/vc_column][vc_column width=&#8221;1\/3&#8243; [&hellip;]\" \/>\n<meta property=\"og:url\" content=\"https:\/\/www.tierramadre.org\/ca\/productes\/\" \/>\n<meta property=\"og:site_name\" content=\"Tierra Madre\" \/>\n<meta property=\"article:publisher\" content=\"https:\/\/www.facebook.com\/ComercioJustoOxfamIntermon\" \/>\n<meta property=\"article:modified_time\" content=\"2026-03-04T09:03:32+00:00\" \/>\n<meta property=\"og:image\" content=\"https:\/\/www.tierramadre.org\/wp-content\/uploads\/Marthazul-300x300.jpg\" \/>\n<meta name=\"twitter:card\" content=\"summary_large_image\" \/>\n<meta name=\"twitter:site\" content=\"@home\" \/>\n<meta name=\"twitter:label1\" content=\"Temps estimat de lectura\" \/>\n\t<meta name=\"twitter:data1\" content=\"6 minuts\" \/>\n<script type=\"application\/ld+json\" class=\"yoast-schema-graph\">{\"@context\":\"https:\/\/schema.org\",\"@graph\":[{\"@type\":\"WebPage\",\"@id\":\"https:\/\/www.tierramadre.org\/ca\/productes\/\",\"url\":\"https:\/\/www.tierramadre.org\/ca\/productes\/\",\"name\":\"PRODUCTES - Tierra Madre\",\"isPartOf\":{\"@id\":\"https:\/\/www.tierramadre.org\/#website\"},\"primaryImageOfPage\":{\"@id\":\"https:\/\/www.tierramadre.org\/ca\/productes\/#primaryimage\"},\"image\":{\"@id\":\"https:\/\/www.tierramadre.org\/ca\/productes\/#primaryimage\"},\"thumbnailUrl\":\"https:\/\/www.tierramadre.org\/wp-content\/uploads\/Marthazul-300x300.jpg\",\"datePublished\":\"2026-03-04T08:50:01+00:00\",\"dateModified\":\"2026-03-04T09:03:32+00:00\",\"breadcrumb\":{\"@id\":\"https:\/\/www.tierramadre.org\/ca\/productes\/#breadcrumb\"},\"inLanguage\":\"ca\",\"potentialAction\":[{\"@type\":\"ReadAction\",\"target\":[\"https:\/\/www.tierramadre.org\/ca\/productes\/\"]}]},{\"@type\":\"ImageObject\",\"inLanguage\":\"ca\",\"@id\":\"https:\/\/www.tierramadre.org\/ca\/productes\/#primaryimage\",\"url\":\"https:\/\/www.tierramadre.org\/wp-content\/uploads\/Marthazul-300x300.jpg\",\"contentUrl\":\"https:\/\/www.tierramadre.org\/wp-content\/uploads\/Marthazul-300x300.jpg\"},{\"@type\":\"BreadcrumbList\",\"@id\":\"https:\/\/www.tierramadre.org\/ca\/productes\/#breadcrumb\",\"itemListElement\":[{\"@type\":\"ListItem\",\"position\":1,\"name\":\"Portada\",\"item\":\"https:\/\/www.tierramadre.org\/ca\/\"},{\"@type\":\"ListItem\",\"position\":2,\"name\":\"PRODUCTES\"}]},{\"@type\":\"WebSite\",\"@id\":\"https:\/\/www.tierramadre.org\/#website\",\"url\":\"https:\/\/www.tierramadre.org\/\",\"name\":\"Tierra Madre\",\"description\":\"La Marca de alimentos naturales de Comercio Justo \u2013 Oxfam Interm\u00f3n\",\"publisher\":{\"@id\":\"https:\/\/www.tierramadre.org\/#organization\"},\"potentialAction\":[{\"@type\":\"SearchAction\",\"target\":{\"@type\":\"EntryPoint\",\"urlTemplate\":\"https:\/\/www.tierramadre.org\/?s={search_term_string}\"},\"query-input\":{\"@type\":\"PropertyValueSpecification\",\"valueRequired\":true,\"valueName\":\"search_term_string\"}}],\"inLanguage\":\"ca\"},{\"@type\":\"Organization\",\"@id\":\"https:\/\/www.tierramadre.org\/#organization\",\"name\":\"Fundaci\u00f3n Oxfam Interm\u00f3n\",\"url\":\"https:\/\/www.tierramadre.org\/\",\"logo\":{\"@type\":\"ImageObject\",\"inLanguage\":\"ca\",\"@id\":\"https:\/\/www.tierramadre.org\/#\/schema\/logo\/image\/\",\"url\":\"https:\/\/www.tierramadre.org\/wp-content\/uploads\/OX_INM_VL_C_RGB.png\",\"contentUrl\":\"https:\/\/www.tierramadre.org\/wp-content\/uploads\/OX_INM_VL_C_RGB.png\",\"width\":2005,\"height\":2304,\"caption\":\"Fundaci\u00f3n Oxfam Interm\u00f3n\"},\"image\":{\"@id\":\"https:\/\/www.tierramadre.org\/#\/schema\/logo\/image\/\"},\"sameAs\":[\"https:\/\/www.facebook.com\/ComercioJustoOxfamIntermon\",\"https:\/\/x.com\/home\",\"https:\/\/www.instagram.com\/comerciojustooxfamintermon\/\",\"https:\/\/www.youtube.com\/channel\/UCP978TjDBqCA14lSWeX1XHA\"]}]}<\/script>\n<!-- \/ Yoast SEO plugin. -->","yoast_head_json":{"title":"PRODUCTES - Tierra Madre","robots":{"index":"index","follow":"follow","max-snippet":"max-snippet:-1","max-image-preview":"max-image-preview:large","max-video-preview":"max-video-preview:-1"},"canonical":"https:\/\/www.tierramadre.org\/ca\/productes\/","og_locale":"ca_ES","og_type":"article","og_title":"PRODUCTES - Tierra Madre","og_description":"[vc_row][vc_column margin_b=&#8221;false&#8221;][vc_column_text el_class=&#8221;text-header&#8221;] Tierra Madre \u00e9s la marca d\u2019alimentaci\u00f3 de comer\u00e7 just de Oxfam Interm\u00f3n.. Productes elaborats amb mat\u00e8ria prima natural de molt bona qualitat, directa del productor. L\u2019equilibri entre bon gust, qualitat i sostenibilitat. Descobreix una selecci\u00f3 dels nostres productes Tierra Madre. [\/vc_column_text][\/vc_column][\/vc_row][vc_row id=&#8221;cafe&#8221; autoheight=&#8221;true&#8221; el_class=&#8221;product-categorias&#8221;][vc_column width=&#8221;2\/3&#8243; margin_b=&#8221;false&#8221;][vc_single_image image=&#8221;4334&#8243; img_size=&#8221;full&#8221; css=&#8221;.vc_custom_1699398610916{margin-bottom: 0px !important;}&#8221;][\/vc_column][vc_column width=&#8221;1\/3&#8243; [&hellip;]","og_url":"https:\/\/www.tierramadre.org\/ca\/productes\/","og_site_name":"Tierra Madre","article_publisher":"https:\/\/www.facebook.com\/ComercioJustoOxfamIntermon","article_modified_time":"2026-03-04T09:03:32+00:00","og_image":[{"url":"https:\/\/www.tierramadre.org\/wp-content\/uploads\/Marthazul-300x300.jpg","type":"","width":"","height":""}],"twitter_card":"summary_large_image","twitter_site":"@home","twitter_misc":{"Temps estimat de lectura":"6 minuts"},"schema":{"@context":"https:\/\/schema.org","@graph":[{"@type":"WebPage","@id":"https:\/\/www.tierramadre.org\/ca\/productes\/","url":"https:\/\/www.tierramadre.org\/ca\/productes\/","name":"PRODUCTES - Tierra Madre","isPartOf":{"@id":"https:\/\/www.tierramadre.org\/#website"},"primaryImageOfPage":{"@id":"https:\/\/www.tierramadre.org\/ca\/productes\/#primaryimage"},"image":{"@id":"https:\/\/www.tierramadre.org\/ca\/productes\/#primaryimage"},"thumbnailUrl":"https:\/\/www.tierramadre.org\/wp-content\/uploads\/Marthazul-300x300.jpg","datePublished":"2026-03-04T08:50:01+00:00","dateModified":"2026-03-04T09:03:32+00:00","breadcrumb":{"@id":"https:\/\/www.tierramadre.org\/ca\/productes\/#breadcrumb"},"inLanguage":"ca","potentialAction":[{"@type":"ReadAction","target":["https:\/\/www.tierramadre.org\/ca\/productes\/"]}]},{"@type":"ImageObject","inLanguage":"ca","@id":"https:\/\/www.tierramadre.org\/ca\/productes\/#primaryimage","url":"https:\/\/www.tierramadre.org\/wp-content\/uploads\/Marthazul-300x300.jpg","contentUrl":"https:\/\/www.tierramadre.org\/wp-content\/uploads\/Marthazul-300x300.jpg"},{"@type":"BreadcrumbList","@id":"https:\/\/www.tierramadre.org\/ca\/productes\/#breadcrumb","itemListElement":[{"@type":"ListItem","position":1,"name":"Portada","item":"https:\/\/www.tierramadre.org\/ca\/"},{"@type":"ListItem","position":2,"name":"PRODUCTES"}]},{"@type":"WebSite","@id":"https:\/\/www.tierramadre.org\/#website","url":"https:\/\/www.tierramadre.org\/","name":"Tierra Madre","description":"La Marca de alimentos naturales de Comercio Justo \u2013 Oxfam Interm\u00f3n","publisher":{"@id":"https:\/\/www.tierramadre.org\/#organization"},"potentialAction":[{"@type":"SearchAction","target":{"@type":"EntryPoint","urlTemplate":"https:\/\/www.tierramadre.org\/?s={search_term_string}"},"query-input":{"@type":"PropertyValueSpecification","valueRequired":true,"valueName":"search_term_string"}}],"inLanguage":"ca"},{"@type":"Organization","@id":"https:\/\/www.tierramadre.org\/#organization","name":"Fundaci\u00f3n Oxfam Interm\u00f3n","url":"https:\/\/www.tierramadre.org\/","logo":{"@type":"ImageObject","inLanguage":"ca","@id":"https:\/\/www.tierramadre.org\/#\/schema\/logo\/image\/","url":"https:\/\/www.tierramadre.org\/wp-content\/uploads\/OX_INM_VL_C_RGB.png","contentUrl":"https:\/\/www.tierramadre.org\/wp-content\/uploads\/OX_INM_VL_C_RGB.png","width":2005,"height":2304,"caption":"Fundaci\u00f3n Oxfam Interm\u00f3n"},"image":{"@id":"https:\/\/www.tierramadre.org\/#\/schema\/logo\/image\/"},"sameAs":["https:\/\/www.facebook.com\/ComercioJustoOxfamIntermon","https:\/\/x.com\/home","https:\/\/www.instagram.com\/comerciojustooxfamintermon\/","https:\/\/www.youtube.com\/channel\/UCP978TjDBqCA14lSWeX1XHA"]}]}},"_links":{"self":[{"href":"https:\/\/www.tierramadre.org\/ca\/wp-json\/wp\/v2\/pages\/5673","targetHints":{"allow":["GET"]}}],"collection":[{"href":"https:\/\/www.tierramadre.org\/ca\/wp-json\/wp\/v2\/pages"}],"about":[{"href":"https:\/\/www.tierramadre.org\/ca\/wp-json\/wp\/v2\/types\/page"}],"author":[{"embeddable":true,"href":"https:\/\/www.tierramadre.org\/ca\/wp-json\/wp\/v2\/users\/2"}],"replies":[{"embeddable":true,"href":"https:\/\/www.tierramadre.org\/ca\/wp-json\/wp\/v2\/comments?post=5673"}],"version-history":[{"count":13,"href":"https:\/\/www.tierramadre.org\/ca\/wp-json\/wp\/v2\/pages\/5673\/revisions"}],"predecessor-version":[{"id":5686,"href":"https:\/\/www.tierramadre.org\/ca\/wp-json\/wp\/v2\/pages\/5673\/revisions\/5686"}],"wp:attachment":[{"href":"https:\/\/www.tierramadre.org\/ca\/wp-json\/wp\/v2\/media?parent=5673"}],"curies":[{"name":"wp","href":"https:\/\/api.w.org\/{rel}","templated":true}]}}